{"id":2,"date":"2018-10-11T22:04:37","date_gmt":"2018-10-11T20:04:37","guid":{"rendered":"http:\/\/www.katrinskueche.de\/?page_id=2"},"modified":"2021-04-23T15:52:27","modified_gmt":"2021-04-23T13:52:27","slug":"beispiel-seite","status":"publish","type":"page","link":"https:\/\/www.katrinskueche.de\/index.php\/beispiel-seite\/","title":{"rendered":"\u00dcber mich"},"content":{"rendered":"<h2>Die Katrin in Katrins K\u00fcche<\/h2>\n<p>Ich wollte mich einfach bewusst und gesund ern\u00e4hren, daraus ist schnell eine Art Hobby entstanden. Mit vielen verschiedenen Kreationen habe ich schnell Freunde, Familie und Arbeitskollegen verw\u00f6hnt. Die R\u00fcckmeldungen und die Fangemeinde haben mich dazu animiert, meine Produkte auch auf Messen und M\u00e4rkten anzubieten. Dort kannst du dann <strong>meine Brotaufstriche mit selbst gebackenem Brot<\/strong> probieren.<\/p>\n<p>Ich nehme mir viel Zeit f\u00fcr meine Produkte, es ist ein <strong>Handwerk und keine Industrieproduktion<\/strong>. Sei also bitte nicht b\u00f6se, dass es nicht immer alles gibt und dass ich \u2013 je nach Jahreszeit und Laune \u2013 auch Neues ausprobiere.<\/p>\n<p>Trag dich in meinen Newsletter ein, folge mir bei Facebook oder schau in meinem Newsbereich vorbei, um zu sehen was ich dir wo pr\u00e4sentiere. Ich freue mich auf deinen Besuch!<\/p>\n","protected":false},"excerpt":{"rendered":"<p>Wer kocht da eigentlich f\u00fcr dich und warum mache ich das \u00fcberhaupt<\/p>\n","protected":false},"author":1,"featured_media":216,"parent":0,"menu_order":0,"comment_status":"closed","ping_status":"open","template":"","meta":[],"yoast_head":"<!-- This site is optimized with the Yoast SEO plugin v19.9 - https:\/\/yoast.com\/wordpress\/plugins\/seo\/ -->\n<title>\u00dcber mich - Katrins K\u00fcche<\/title>\n<meta name=\"robots\" content=\"index, follow, max-snippet:-1, max-image-preview:large, max-video-preview:-1\" \/>\n<link rel=\"canonical\" href=\"https:\/\/www.katrinskueche.de\/index.php\/beispiel-seite\/\" \/>\n<meta property=\"og:locale\" content=\"de_DE\" \/>\n<meta property=\"og:type\" content=\"article\" \/>\n<meta property=\"og:title\" content=\"\u00dcber mich - Katrins K\u00fcche\" \/>\n<meta property=\"og:description\" content=\"Wer kocht da eigentlich f\u00fcr dich und warum mache ich das \u00fcberhaupt\" \/>\n<meta property=\"og:url\" content=\"https:\/\/www.katrinskueche.de\/index.php\/beispiel-seite\/\" \/>\n<meta property=\"og:site_name\" content=\"Katrins K\u00fcche\" \/>\n<meta property=\"article:modified_time\" content=\"2021-04-23T13:52:27+00:00\" \/>\n<meta property=\"og:image\" content=\"https:\/\/www.katrinskueche.de\/wp-content\/uploads\/2020\/03\/katrinskueche.jpg\" \/>\n\t<meta property=\"og:image:width\" content=\"150\" \/>\n\t<meta property=\"og:image:height\" content=\"150\" \/>\n\t<meta property=\"og:image:type\" content=\"image\/jpeg\" \/>\n<meta name=\"twitter:card\" content=\"summary_large_image\" \/>\n<meta name=\"twitter:label1\" content=\"Gesch\u00e4tzte Lesezeit\" \/>\n\t<meta name=\"twitter:data1\" content=\"1\u00a0Minute\" \/>\n<script type=\"application\/ld+json\" class=\"yoast-schema-graph\">{\"@context\":\"https:\/\/schema.org\",\"@graph\":[{\"@type\":\"WebPage\",\"@id\":\"https:\/\/www.katrinskueche.de\/index.php\/beispiel-seite\/\",\"url\":\"https:\/\/www.katrinskueche.de\/index.php\/beispiel-seite\/\",\"name\":\"\u00dcber mich - Katrins K\u00fcche\",\"isPartOf\":{\"@id\":\"https:\/\/www.katrinskueche.de\/#website\"},\"datePublished\":\"2018-10-11T20:04:37+00:00\",\"dateModified\":\"2021-04-23T13:52:27+00:00\",\"breadcrumb\":{\"@id\":\"https:\/\/www.katrinskueche.de\/index.php\/beispiel-seite\/#breadcrumb\"},\"inLanguage\":\"de\",\"potentialAction\":[{\"@type\":\"ReadAction\",\"target\":[\"https:\/\/www.katrinskueche.de\/index.php\/beispiel-seite\/\"]}]},{\"@type\":\"BreadcrumbList\",\"@id\":\"https:\/\/www.katrinskueche.de\/index.php\/beispiel-seite\/#breadcrumb\",\"itemListElement\":[{\"@type\":\"ListItem\",\"position\":1,\"name\":\"Startseite\",\"item\":\"https:\/\/www.katrinskueche.de\/\"},{\"@type\":\"ListItem\",\"position\":2,\"name\":\"\u00dcber mich\"}]},{\"@type\":\"WebSite\",\"@id\":\"https:\/\/www.katrinskueche.de\/#website\",\"url\":\"https:\/\/www.katrinskueche.de\/\",\"name\":\"Katrins K\u00fcche\",\"description\":\"Vegane Brotaufstriche ohne Zus\u00e4tze und ohne Zucker\",\"publisher\":{\"@id\":\"https:\/\/www.katrinskueche.de\/#organization\"},\"potentialAction\":[{\"@type\":\"SearchAction\",\"target\":{\"@type\":\"EntryPoint\",\"urlTemplate\":\"https:\/\/www.katrinskueche.de\/?s={search_term_string}\"},\"query-input\":\"required name=search_term_string\"}],\"inLanguage\":\"de\"},{\"@type\":\"Organization\",\"@id\":\"https:\/\/www.katrinskueche.de\/#organization\",\"name\":\"Katrins K\u00fcche\",\"url\":\"https:\/\/www.katrinskueche.de\/\",\"logo\":{\"@type\":\"ImageObject\",\"inLanguage\":\"de\",\"@id\":\"https:\/\/www.katrinskueche.de\/#\/schema\/logo\/image\/\",\"url\":\"https:\/\/www.katrinskueche.de\/wp-content\/uploads\/2018\/10\/katrinskueche_80.jpg\",\"contentUrl\":\"https:\/\/www.katrinskueche.de\/wp-content\/uploads\/2018\/10\/katrinskueche_80.jpg\",\"width\":79,\"height\":79,\"caption\":\"Katrins K\u00fcche\"},\"image\":{\"@id\":\"https:\/\/www.katrinskueche.de\/#\/schema\/logo\/image\/\"}}]}<\/script>\n<!-- \/ Yoast SEO plugin. -->","yoast_head_json":{"title":"\u00dcber mich - Katrins K\u00fcche","robots":{"index":"index","follow":"follow","max-snippet":"max-snippet:-1","max-image-preview":"max-image-preview:large","max-video-preview":"max-video-preview:-1"},"canonical":"https:\/\/www.katrinskueche.de\/index.php\/beispiel-seite\/","og_locale":"de_DE","og_type":"article","og_title":"\u00dcber mich - Katrins K\u00fcche","og_description":"Wer kocht da eigentlich f\u00fcr dich und warum mache ich das \u00fcberhaupt","og_url":"https:\/\/www.katrinskueche.de\/index.php\/beispiel-seite\/","og_site_name":"Katrins K\u00fcche","article_modified_time":"2021-04-23T13:52:27+00:00","og_image":[{"width":150,"height":150,"url":"https:\/\/www.katrinskueche.de\/wp-content\/uploads\/2020\/03\/katrinskueche.jpg","type":"image\/jpeg"}],"twitter_card":"summary_large_image","twitter_misc":{"Gesch\u00e4tzte Lesezeit":"1\u00a0Minute"},"schema":{"@context":"https:\/\/schema.org","@graph":[{"@type":"WebPage","@id":"https:\/\/www.katrinskueche.de\/index.php\/beispiel-seite\/","url":"https:\/\/www.katrinskueche.de\/index.php\/beispiel-seite\/","name":"\u00dcber mich - Katrins K\u00fcche","isPartOf":{"@id":"https:\/\/www.katrinskueche.de\/#website"},"datePublished":"2018-10-11T20:04:37+00:00","dateModified":"2021-04-23T13:52:27+00:00","breadcrumb":{"@id":"https:\/\/www.katrinskueche.de\/index.php\/beispiel-seite\/#breadcrumb"},"inLanguage":"de","potentialAction":[{"@type":"ReadAction","target":["https:\/\/www.katrinskueche.de\/index.php\/beispiel-seite\/"]}]},{"@type":"BreadcrumbList","@id":"https:\/\/www.katrinskueche.de\/index.php\/beispiel-seite\/#breadcrumb","itemListElement":[{"@type":"ListItem","position":1,"name":"Startseite","item":"https:\/\/www.katrinskueche.de\/"},{"@type":"ListItem","position":2,"name":"\u00dcber mich"}]},{"@type":"WebSite","@id":"https:\/\/www.katrinskueche.de\/#website","url":"https:\/\/www.katrinskueche.de\/","name":"Katrins K\u00fcche","description":"Vegane Brotaufstriche ohne Zus\u00e4tze und ohne Zucker","publisher":{"@id":"https:\/\/www.katrinskueche.de\/#organization"},"potentialAction":[{"@type":"SearchAction","target":{"@type":"EntryPoint","urlTemplate":"https:\/\/www.katrinskueche.de\/?s={search_term_string}"},"query-input":"required name=search_term_string"}],"inLanguage":"de"},{"@type":"Organization","@id":"https:\/\/www.katrinskueche.de\/#organization","name":"Katrins K\u00fcche","url":"https:\/\/www.katrinskueche.de\/","logo":{"@type":"ImageObject","inLanguage":"de","@id":"https:\/\/www.katrinskueche.de\/#\/schema\/logo\/image\/","url":"https:\/\/www.katrinskueche.de\/wp-content\/uploads\/2018\/10\/katrinskueche_80.jpg","contentUrl":"https:\/\/www.katrinskueche.de\/wp-content\/uploads\/2018\/10\/katrinskueche_80.jpg","width":79,"height":79,"caption":"Katrins K\u00fcche"},"image":{"@id":"https:\/\/www.katrinskueche.de\/#\/schema\/logo\/image\/"}}]}},"_links":{"self":[{"href":"https:\/\/www.katrinskueche.de\/index.php\/wp-json\/wp\/v2\/pages\/2"}],"collection":[{"href":"https:\/\/www.katrinskueche.de\/index.php\/wp-json\/wp\/v2\/pages"}],"about":[{"href":"https:\/\/www.katrinskueche.de\/index.php\/wp-json\/wp\/v2\/types\/page"}],"author":[{"embeddable":true,"href":"https:\/\/www.katrinskueche.de\/index.php\/wp-json\/wp\/v2\/users\/1"}],"replies":[{"embeddable":true,"href":"https:\/\/www.katrinskueche.de\/index.php\/wp-json\/wp\/v2\/comments?post=2"}],"version-history":[{"count":7,"href":"https:\/\/www.katrinskueche.de\/index.php\/wp-json\/wp\/v2\/pages\/2\/revisions"}],"predecessor-version":[{"id":372,"href":"https:\/\/www.katrinskueche.de\/index.php\/wp-json\/wp\/v2\/pages\/2\/revisions\/372"}],"wp:featuredmedia":[{"embeddable":true,"href":"https:\/\/www.katrinskueche.de\/index.php\/wp-json\/wp\/v2\/media\/216"}],"wp:attachment":[{"href":"https:\/\/www.katrinskueche.de\/index.php\/wp-json\/wp\/v2\/media?parent=2"}],"curies":[{"name":"wp","href":"https:\/\/api.w.org\/{rel}","templated":true}]}}